{"id":1246,"date":"2022-03-29T12:53:46","date_gmt":"2022-03-29T11:53:46","guid":{"rendered":"https:\/\/neu.repa-druck.de\/?page_id=1246"},"modified":"2022-12-23T10:48:07","modified_gmt":"2022-12-23T09:48:07","slug":"50-ans","status":"publish","type":"page","link":"https:\/\/www.repa-druck.de\/fr\/50-jahre-repa\/","title":{"rendered":"50 Jahre Repa"},"content":{"rendered":"<div data-elementor-type=\"wp-page\" data-elementor-id=\"1246\" class=\"elementor elementor-1246\" data-elementor-post-type=\"page\">\n\t\t\t\t\t\t<section class=\"elementor-section elementor-top-section elementor-element elementor-element-ec0ec2b elementor-section-full_width elementor-section-height-default elementor-section-height-default\" data-id=\"ec0ec2b\" data-element_type=\"section\" data-e-type=\"section\">\n\t\t\t\t\t\t<div class=\"elementor-container elementor-column-gap-default\">\n\t\t\t\t\t<div class=\"elementor-column elementor-col-100 elementor-top-column elementor-element elementor-element-3b909ba\" data-id=\"3b909ba\" data-element_type=\"column\" data-e-type=\"column\">\n\t\t\t<div class=\"elementor-widget-wrap elementor-element-populated\">\n\t\t\t\t\t\t<div class=\"elementor-element elementor-element-a0edd56 elementor-widget elementor-widget-image\" data-id=\"a0edd56\" data-element_type=\"widget\" data-e-type=\"widget\" data-widget_type=\"image.default\">\n\t\t\t\t<div class=\"elementor-widget-container\">\n\t\t\t\t\t\t\t\t\t\t\t\t<figure class=\"wp-caption\">\n\t\t\t\t\t\t\t\t\t\t<img fetchpriority=\"high\" decoding=\"async\" width=\"2560\" height=\"550\" src=\"https:\/\/www.repa-druck.de\/wp-content\/uploads\/2022\/04\/50.jpg\" class=\"attachment-full size-full wp-image-1260\" alt=\"Headerbild 50 Jahre Repa Druck\" srcset=\"https:\/\/www.repa-druck.de\/wp-content\/uploads\/2022\/04\/50.jpg 2560w, https:\/\/www.repa-druck.de\/wp-content\/uploads\/2022\/04\/50-300x64.jpg 300w, https:\/\/www.repa-druck.de\/wp-content\/uploads\/2022\/04\/50-1024x220.jpg 1024w, https:\/\/www.repa-druck.de\/wp-content\/uploads\/2022\/04\/50-768x165.jpg 768w, https:\/\/www.repa-druck.de\/wp-content\/uploads\/2022\/04\/50-1536x330.jpg 1536w, https:\/\/www.repa-druck.de\/wp-content\/uploads\/2022\/04\/50-2048x440.jpg 2048w\" sizes=\"(max-width: 2560px) 100vw, 2560px\" \/>\t\t\t\t\t\t\t\t\t\t\t<figcaption class=\"widget-image-caption wp-caption-text\"><\/figcaption>\n\t\t\t\t\t\t\t\t\t\t<\/figure>\n\t\t\t\t\t\t\t\t\t<\/div>\n\t\t\t\t<\/div>\n\t\t\t\t\t<\/div>\n\t\t<\/div>\n\t\t\t\t\t<\/div>\n\t\t<\/section>\n\t\t\t\t<section class=\"elementor-section elementor-top-section elementor-element elementor-element-67fe342b elementor-section-boxed elementor-section-height-default elementor-section-height-default\" data-id=\"67fe342b\" data-element_type=\"section\" data-e-type=\"section\">\n\t\t\t\t\t\t<div class=\"elementor-container elementor-column-gap-no\">\n\t\t\t\t\t<div class=\"elementor-column elementor-col-100 elementor-top-column elementor-element elementor-element-1f0695e1\" data-id=\"1f0695e1\" data-element_type=\"column\" data-e-type=\"column\">\n\t\t\t<div class=\"elementor-widget-wrap elementor-element-populated\">\n\t\t\t\t\t\t<div class=\"elementor-element elementor-element-23235021 elementor-widget elementor-widget-heading\" data-id=\"23235021\" data-element_type=\"widget\" data-e-type=\"widget\" data-widget_type=\"heading.default\">\n\t\t\t\t<div class=\"elementor-widget-container\">\n\t\t\t\t\t<h2 class=\"elementor-heading-title elementor-size-default\">Repa f\u00eate ses 50 ans<\/h2>\t\t\t\t<\/div>\n\t\t\t\t<\/div>\n\t\t\t\t<div class=\"elementor-element elementor-element-5a2715e2 elementor-widget elementor-widget-heading\" data-id=\"5a2715e2\" data-element_type=\"widget\" data-e-type=\"widget\" data-widget_type=\"heading.default\">\n\t\t\t\t<div class=\"elementor-widget-container\">\n\t\t\t\t\t<h1 class=\"elementor-heading-title elementor-size-default\">Collecte de dons pour notre 50\u00e8 anniversaire.<\/h1>\t\t\t\t<\/div>\n\t\t\t\t<\/div>\n\t\t\t\t<div class=\"elementor-element elementor-element-4b25477 elementor-widget elementor-widget-text-editor\" data-id=\"4b25477\" data-element_type=\"widget\" data-e-type=\"widget\" data-widget_type=\"text-editor.default\">\n\t\t\t\t<div class=\"elementor-widget-container\">\n\t\t\t\t\t\t\t\t\t<p>Repa Druck  a \u00e9t\u00e9 cr\u00e9\u00e9 en 1972 par Willi Braun. 50 ans apr\u00e8s nous sommes toujours d\u2019attaque et plus que jamais. En 2022 avec plus de 50 professionnels et un parc machines moderne et en perp\u00e9tuelle \u00e9volution nous avons des projets plein la t\u00eate.<\/p><p>Pour f\u00eater nos 50 ans d\u2019existence nous avons envisag\u00e9 quelque chose de bien particulier. Venir en aide \u00e0 nos semblables. Notre projet : 12 mois \u2013 12 dons. Les dons peuvent \u00eatre p\u00e9cunier ou autres. Chaque mois nous choisissons un projet qui nous tient \u00e0 c\u0153ur. A travers ces projets, qui ne sont pas seulement des avantages fiscaux, nous mettons l\u2019accent sur des \u0153uvres caritatives \u00e0 qui nous souhaitons plus de visibilit\u00e9.<\/p>\t\t\t\t\t\t\t\t<\/div>\n\t\t\t\t<\/div>\n\t\t\t\t\t<\/div>\n\t\t<\/div>\n\t\t\t\t\t<\/div>\n\t\t<\/section>\n\t\t\t\t<section class=\"elementor-section elementor-top-section elementor-element elementor-element-3928f069 elementor-section-boxed elementor-section-height-default elementor-section-height-default\" data-id=\"3928f069\" data-element_type=\"section\" data-e-type=\"section\">\n\t\t\t\t\t\t<div class=\"elementor-container elementor-column-gap-default\">\n\t\t\t\t\t<div class=\"elementor-column elementor-col-100 elementor-top-column elementor-element elementor-element-43aac63a\" data-id=\"43aac63a\" data-element_type=\"column\" data-e-type=\"column\">\n\t\t\t<div class=\"elementor-widget-wrap elementor-element-populated\">\n\t\t\t\t\t\t<div class=\"elementor-element elementor-element-82f74cc elementor-widget elementor-widget-heading\" data-id=\"82f74cc\" data-element_type=\"widget\" data-e-type=\"widget\" data-widget_type=\"heading.default\">\n\t\t\t\t<div class=\"elementor-widget-container\">\n\t\t\t\t\t<h2 class=\"elementor-heading-title elementor-size-default\">Projets r\u00e9alis\u00e9s :<\/h2>\t\t\t\t<\/div>\n\t\t\t\t<\/div>\n\t\t\t\t<div class=\"elementor-element elementor-element-3bd3ff43 elementor-widget elementor-widget-accordion\" data-id=\"3bd3ff43\" data-element_type=\"widget\" data-e-type=\"widget\" data-widget_type=\"accordion.default\">\n\t\t\t\t<div class=\"elementor-widget-container\">\n\t\t\t\t\t\t\t<div class=\"elementor-accordion\">\n\t\t\t\t\t\t\t<div class=\"elementor-accordion-item\">\n\t\t\t\t\t<div id=\"elementor-tab-title-1001\" class=\"elementor-tab-title\" data-tab=\"1\" role=\"button\" aria-controls=\"elementor-tab-content-1001\" aria-expanded=\"false\">\n\t\t\t\t\t\t\t\t\t\t\t\t\t<span class=\"elementor-accordion-icon elementor-accordion-icon-right\" aria-hidden=\"true\">\n\t\t\t\t\t\t\t\t\t\t\t\t\t\t\t<span class=\"elementor-accordion-icon-closed\"><i class=\"fas fa-plus\"><\/i><\/span>\n\t\t\t\t\t\t\t\t<span class=\"elementor-accordion-icon-opened\"><i class=\"fas fa-minus\"><\/i><\/span>\n\t\t\t\t\t\t\t\t\t\t\t\t\t\t<\/span>\n\t\t\t\t\t\t\t\t\t\t\t\t<a class=\"elementor-accordion-title\" tabindex=\"0\">Janvier : Afrikaprojekt Dr. Schales e.V.<\/a>\n\t\t\t\t\t<\/div>\n\t\t\t\t\t<div id=\"elementor-tab-content-1001\" class=\"elementor-tab-content elementor-clearfix\" data-tab=\"1\" role=\"region\" aria-labelledby=\"elementor-tab-title-1001\">\t\t<div data-elementor-type=\"section\" data-elementor-id=\"1656\" class=\"elementor elementor-1656\" data-elementor-post-type=\"elementor_library\">\n\t\t\t\t\t<section class=\"elementor-section elementor-top-section elementor-element elementor-element-f5e8e9b elementor-section-full_width elementor-section-content-middle elementor-reverse-tablet elementor-reverse-mobile elementor-section-height-default elementor-section-height-default\" data-id=\"f5e8e9b\" data-element_type=\"section\" data-e-type=\"section\">\n\t\t\t\t\t\t<div class=\"elementor-container elementor-column-gap-default\">\n\t\t\t\t\t<div class=\"elementor-column elementor-col-66 elementor-top-column elementor-element elementor-element-efe995c\" data-id=\"efe995c\" data-element_type=\"column\" data-e-type=\"column\">\n\t\t\t<div class=\"elementor-widget-wrap elementor-element-populated\">\n\t\t\t\t\t\t<div class=\"elementor-element elementor-element-fa947e2 elementor-widget elementor-widget-text-editor\" data-id=\"fa947e2\" data-element_type=\"widget\" data-e-type=\"widget\" data-widget_type=\"text-editor.default\">\n\t\t\t\t<div class=\"elementor-widget-container\">\n\t\t\t\t\t\t\t\t\t<p style=\"font-family: Montserrat, sans-serif;\">Le premier b\u00e9n\u00e9ficiaire de notre marathon a \u00e9t\u00e9 le Afrikaprojekt Dr. Schales e.V. avec un de don de 500 \u20ac. Cette association a \u00e9t\u00e9 fond\u00e9 par Hans Schales, m\u00e9decin sarrois \u00e9migr\u00e9 au Zimbabwe. Sa volont\u00e9 : venir en aide. L\u2019association soutien activement l\u2019h\u00f4pital St Luke et de nombres \u00e9coles entre autres.<\/p><p style=\"font-family: Montserrat, sans-serif;\">Plus d\u2019informations concernant l\u2019association Afrikaprojekt sur<i><br \/><\/i><span style=\"color: #d90033;\"><a style=\"color: #d90033;\" href=\"http:\/\/www.afrikaprojekt-schales.de\/\" target=\"_blank\" rel=\"noopener\">www.afrikaprojekt-schales.de<\/a><\/span><\/p>\t\t\t\t\t\t\t\t<\/div>\n\t\t\t\t<\/div>\n\t\t\t\t\t<\/div>\n\t\t<\/div>\n\t\t\t\t<div class=\"elementor-column elementor-col-33 elementor-top-column elementor-element elementor-element-37ad769\" data-id=\"37ad769\" data-element_type=\"column\" data-e-type=\"column\">\n\t\t\t<div class=\"elementor-widget-wrap elementor-element-populated\">\n\t\t\t\t\t\t<div class=\"elementor-element elementor-element-6575d4c elementor-widget elementor-widget-image\" data-id=\"6575d4c\" data-element_type=\"widget\" data-e-type=\"widget\" data-widget_type=\"image.default\">\n\t\t\t\t<div class=\"elementor-widget-container\">\n\t\t\t\t\t\t\t\t\t\t\t\t\t\t\t<img decoding=\"async\" width=\"300\" height=\"300\" src=\"https:\/\/www.repa-druck.de\/wp-content\/uploads\/2022\/01\/Logo_Afrikaprojekt.png\" class=\"attachment-large size-large wp-image-928\" alt=\"Logo Afrikaprojekt\" srcset=\"https:\/\/www.repa-druck.de\/wp-content\/uploads\/2022\/01\/Logo_Afrikaprojekt.png 300w, https:\/\/www.repa-druck.de\/wp-content\/uploads\/2022\/01\/Logo_Afrikaprojekt-150x150.png 150w\" sizes=\"(max-width: 300px) 100vw, 300px\" \/>\t\t\t\t\t\t\t\t\t\t\t\t\t\t\t<\/div>\n\t\t\t\t<\/div>\n\t\t\t\t\t<\/div>\n\t\t<\/div>\n\t\t\t\t\t<\/div>\n\t\t<\/section>\n\t\t\t\t<\/div>\n\t\t<\/div>\n\t\t\t\t<\/div>\n\t\t\t\t\t\t\t<div class=\"elementor-accordion-item\">\n\t\t\t\t\t<div id=\"elementor-tab-title-1002\" class=\"elementor-tab-title\" data-tab=\"2\" role=\"button\" aria-controls=\"elementor-tab-content-1002\" aria-expanded=\"false\">\n\t\t\t\t\t\t\t\t\t\t\t\t\t<span class=\"elementor-accordion-icon elementor-accordion-icon-right\" aria-hidden=\"true\">\n\t\t\t\t\t\t\t\t\t\t\t\t\t\t\t<span class=\"elementor-accordion-icon-closed\"><i class=\"fas fa-plus\"><\/i><\/span>\n\t\t\t\t\t\t\t\t<span class=\"elementor-accordion-icon-opened\"><i class=\"fas fa-minus\"><\/i><\/span>\n\t\t\t\t\t\t\t\t\t\t\t\t\t\t<\/span>\n\t\t\t\t\t\t\t\t\t\t\t\t<a class=\"elementor-accordion-title\" tabindex=\"0\">F\u00e9vrier : Aufwind \u2013 Fondation PSD Bank Karlsruhe-Neustadt eG<\/a>\n\t\t\t\t\t<\/div>\n\t\t\t\t\t<div id=\"elementor-tab-content-1002\" class=\"elementor-tab-content elementor-clearfix\" data-tab=\"2\" role=\"region\" aria-labelledby=\"elementor-tab-title-1002\"><p>\t\t<div data-elementor-type=\"section\" data-elementor-id=\"1662\" class=\"elementor elementor-1662\" data-elementor-post-type=\"elementor_library\">\n\t\t\t\t\t<section class=\"elementor-section elementor-top-section elementor-element elementor-element-3a18d26b elementor-section-full_width elementor-section-content-middle elementor-reverse-tablet elementor-reverse-mobile elementor-section-height-default elementor-section-height-default\" data-id=\"3a18d26b\" data-element_type=\"section\" data-e-type=\"section\">\n\t\t\t\t\t\t<div class=\"elementor-container elementor-column-gap-default\">\n\t\t\t\t\t<div class=\"elementor-column elementor-col-66 elementor-top-column elementor-element elementor-element-31165705\" data-id=\"31165705\" data-element_type=\"column\" data-e-type=\"column\">\n\t\t\t<div class=\"elementor-widget-wrap elementor-element-populated\">\n\t\t\t\t\t\t<div class=\"elementor-element elementor-element-125a3edb elementor-widget elementor-widget-text-editor\" data-id=\"125a3edb\" data-element_type=\"widget\" data-e-type=\"widget\" data-widget_type=\"text-editor.default\">\n\t\t\t\t<div class=\"elementor-widget-container\">\n\t\t\t\t\t\t\t\t\t<p style=\"font-family: Montserrat, sans-serif;\">En f\u00e9vrier nous avons fait un don de 500 \u20ac \u00e0 la fondation Aufwind de la PSD Bank Karlsruhe-Neustadt eG. La fondation s\u2019engage pour le bien-\u00eatre des enfants et des jeunes en Allemagne de plusieurs fa\u00e7ons. Elle soutient, entre autres, des projets sportifs, des services de probation pour les jeunes d\u00e9linquants, les soins palliatifs pour enfants Rhin-Neckar et bien plus encore.<\/p><p style=\"font-family: Montserrat, sans-serif;\">Plus d\u2019informations concernant la fondation Aufwind sur<i> <br \/><\/i><span style=\"color: #d90033;\"><a style=\"color: #d90033;\" href=\"\/fr\/www.psd-aufwind.de\/\" target=\"_blank\" rel=\"noopener\">www.psd-aufwind.de<\/a><\/span><\/p>\t\t\t\t\t\t\t\t<\/div>\n\t\t\t\t<\/div>\n\t\t\t\t\t<\/div>\n\t\t<\/div>\n\t\t\t\t<div class=\"elementor-column elementor-col-33 elementor-top-column elementor-element elementor-element-48765089\" data-id=\"48765089\" data-element_type=\"column\" data-e-type=\"column\">\n\t\t\t<div class=\"elementor-widget-wrap elementor-element-populated\">\n\t\t\t\t\t\t<div class=\"elementor-element elementor-element-392a1144 elementor-widget elementor-widget-image\" data-id=\"392a1144\" data-element_type=\"widget\" data-e-type=\"widget\" data-widget_type=\"image.default\">\n\t\t\t\t<div class=\"elementor-widget-container\">\n\t\t\t\t\t\t\t\t\t\t\t\t\t\t\t<img decoding=\"async\" width=\"280\" height=\"200\" src=\"https:\/\/www.repa-druck.de\/wp-content\/uploads\/2022\/06\/Aufwind-200x200-1.png\" class=\"attachment-large size-large wp-image-1667\" alt=\"\" srcset=\"https:\/\/www.repa-druck.de\/wp-content\/uploads\/2022\/06\/Aufwind-200x200-1.png 280w, https:\/\/www.repa-druck.de\/wp-content\/uploads\/2022\/06\/Aufwind-200x200-1-18x12.png 18w\" sizes=\"(max-width: 280px) 100vw, 280px\" \/>\t\t\t\t\t\t\t\t\t\t\t\t\t\t\t<\/div>\n\t\t\t\t<\/div>\n\t\t\t\t\t<\/div>\n\t\t<\/div>\n\t\t\t\t\t<\/div>\n\t\t<\/section>\n\t\t\t\t<\/div>\n\t\t<\/p><\/div>\n\t\t\t\t<\/div>\n\t\t\t\t\t\t\t<div class=\"elementor-accordion-item\">\n\t\t\t\t\t<div id=\"elementor-tab-title-1003\" class=\"elementor-tab-title\" data-tab=\"3\" role=\"button\" aria-controls=\"elementor-tab-content-1003\" aria-expanded=\"false\">\n\t\t\t\t\t\t\t\t\t\t\t\t\t<span class=\"elementor-accordion-icon elementor-accordion-icon-right\" aria-hidden=\"true\">\n\t\t\t\t\t\t\t\t\t\t\t\t\t\t\t<span class=\"elementor-accordion-icon-closed\"><i class=\"fas fa-plus\"><\/i><\/span>\n\t\t\t\t\t\t\t\t<span class=\"elementor-accordion-icon-opened\"><i class=\"fas fa-minus\"><\/i><\/span>\n\t\t\t\t\t\t\t\t\t\t\t\t\t\t<\/span>\n\t\t\t\t\t\t\t\t\t\t\t\t<a class=\"elementor-accordion-title\" tabindex=\"0\">Mars : Help 4 Ukraine e.V.<\/a>\n\t\t\t\t\t<\/div>\n\t\t\t\t\t<div id=\"elementor-tab-content-1003\" class=\"elementor-tab-content elementor-clearfix\" data-tab=\"3\" role=\"region\" aria-labelledby=\"elementor-tab-title-1003\"><p>\t\t<div data-elementor-type=\"section\" data-elementor-id=\"1670\" class=\"elementor elementor-1670\" data-elementor-post-type=\"elementor_library\">\n\t\t\t\t\t<section class=\"elementor-section elementor-top-section elementor-element elementor-element-1a33d7a9 elementor-section-full_width elementor-section-content-middle elementor-reverse-tablet elementor-reverse-mobile elementor-section-height-default elementor-section-height-default\" data-id=\"1a33d7a9\" data-element_type=\"section\" data-e-type=\"section\">\n\t\t\t\t\t\t<div class=\"elementor-container elementor-column-gap-default\">\n\t\t\t\t\t<div class=\"elementor-column elementor-col-66 elementor-top-column elementor-element elementor-element-3431225c\" data-id=\"3431225c\" data-element_type=\"column\" data-e-type=\"column\">\n\t\t\t<div class=\"elementor-widget-wrap elementor-element-populated\">\n\t\t\t\t\t\t<div class=\"elementor-element elementor-element-68c0cf23 elementor-widget elementor-widget-text-editor\" data-id=\"68c0cf23\" data-element_type=\"widget\" data-e-type=\"widget\" data-widget_type=\"text-editor.default\">\n\t\t\t\t<div class=\"elementor-widget-container\">\n\t\t\t\t\t\t\t\t\t<p style=\"font-family: Montserrat, sans-serif;\">En mars nous avons d\u00e9cid\u00e9 de soutenir l\u2019initiative de Help 4 Ukraine avec un don de 500 \u20ac ainsi que l\u2019impression de flyers en rapport l\u2019action \u00ab Ukraine Aid \u00bb de l\u2019agence FBO et de l\u2019entreprise Shipleys.\nL\u2019initiative priv\u00e9e HELP 4 UKRAINE e.V. a \u00e9t\u00e9 fond\u00e9e par les fr\u00e8res Bogdan et Alexander Solovyanchuk. L\u2019association \u00e0 pour but de venir en aide aux victimes de la guerre en Ukraine en acheminant des dons humanitaires<\/p><p style=\"font-family: Montserrat, sans-serif;\">Plus d\u2019informations concernant Help 4 Ukraine sur<br \/><a href=\"https:\/\/fbo.de\/blog\/aktuelles\/t-shirt-fuer-den-guten-zweck\/\" target=\"_blank\" rel=\"noopener\">fbo.de\/ukraineaid<\/a><\/p>\t\t\t\t\t\t\t\t<\/div>\n\t\t\t\t<\/div>\n\t\t\t\t\t<\/div>\n\t\t<\/div>\n\t\t\t\t<div class=\"elementor-column elementor-col-33 elementor-top-column elementor-element elementor-element-11c4779a\" data-id=\"11c4779a\" data-element_type=\"column\" data-e-type=\"column\">\n\t\t\t<div class=\"elementor-widget-wrap elementor-element-populated\">\n\t\t\t\t\t\t<div class=\"elementor-element elementor-element-4a1e60c7 elementor-widget elementor-widget-image\" data-id=\"4a1e60c7\" data-element_type=\"widget\" data-e-type=\"widget\" data-widget_type=\"image.default\">\n\t\t\t\t<div class=\"elementor-widget-container\">\n\t\t\t\t\t\t\t\t\t\t\t\t\t\t\t<img loading=\"lazy\" decoding=\"async\" width=\"367\" height=\"200\" src=\"https:\/\/www.repa-druck.de\/wp-content\/uploads\/2022\/06\/Ukraine-Aid-367x200-1.png\" class=\"attachment-large size-large wp-image-1666\" alt=\"\" srcset=\"https:\/\/www.repa-druck.de\/wp-content\/uploads\/2022\/06\/Ukraine-Aid-367x200-1.png 367w, https:\/\/www.repa-druck.de\/wp-content\/uploads\/2022\/06\/Ukraine-Aid-367x200-1-300x163.png 300w, https:\/\/www.repa-druck.de\/wp-content\/uploads\/2022\/06\/Ukraine-Aid-367x200-1-18x10.png 18w\" sizes=\"(max-width: 367px) 100vw, 367px\" \/>\t\t\t\t\t\t\t\t\t\t\t\t\t\t\t<\/div>\n\t\t\t\t<\/div>\n\t\t\t\t\t<\/div>\n\t\t<\/div>\n\t\t\t\t\t<\/div>\n\t\t<\/section>\n\t\t\t\t<\/div>\n\t\t<\/p><\/div>\n\t\t\t\t<\/div>\n\t\t\t\t\t\t\t<div class=\"elementor-accordion-item\">\n\t\t\t\t\t<div id=\"elementor-tab-title-1004\" class=\"elementor-tab-title\" data-tab=\"4\" role=\"button\" aria-controls=\"elementor-tab-content-1004\" aria-expanded=\"false\">\n\t\t\t\t\t\t\t\t\t\t\t\t\t<span class=\"elementor-accordion-icon elementor-accordion-icon-right\" aria-hidden=\"true\">\n\t\t\t\t\t\t\t\t\t\t\t\t\t\t\t<span class=\"elementor-accordion-icon-closed\"><i class=\"fas fa-plus\"><\/i><\/span>\n\t\t\t\t\t\t\t\t<span class=\"elementor-accordion-icon-opened\"><i class=\"fas fa-minus\"><\/i><\/span>\n\t\t\t\t\t\t\t\t\t\t\t\t\t\t<\/span>\n\t\t\t\t\t\t\t\t\t\t\t\t<a class=\"elementor-accordion-title\" tabindex=\"0\">Avril : concert de charit\u00e9 Rock for Peace<\/a>\n\t\t\t\t\t<\/div>\n\t\t\t\t\t<div id=\"elementor-tab-content-1004\" class=\"elementor-tab-content elementor-clearfix\" data-tab=\"4\" role=\"region\" aria-labelledby=\"elementor-tab-title-1004\"><p>\t\t<div data-elementor-type=\"page\" data-elementor-id=\"1673\" class=\"elementor elementor-1673\" data-elementor-post-type=\"elementor_library\">\n\t\t\t\t\t\t<section class=\"elementor-section elementor-top-section elementor-element elementor-element-4606ba68 elementor-section-full_width elementor-section-content-middle elementor-reverse-tablet elementor-reverse-mobile elementor-section-height-default elementor-section-height-default\" data-id=\"4606ba68\" data-element_type=\"section\" data-e-type=\"section\">\n\t\t\t\t\t\t<div class=\"elementor-container elementor-column-gap-default\">\n\t\t\t\t\t<div class=\"elementor-column elementor-col-66 elementor-top-column elementor-element elementor-element-28170f97\" data-id=\"28170f97\" data-element_type=\"column\" data-e-type=\"column\">\n\t\t\t<div class=\"elementor-widget-wrap elementor-element-populated\">\n\t\t\t\t\t\t<div class=\"elementor-element elementor-element-7cc6dbeb elementor-widget elementor-widget-text-editor\" data-id=\"7cc6dbeb\" data-element_type=\"widget\" data-e-type=\"widget\" data-widget_type=\"text-editor.default\">\n\t\t\t\t<div class=\"elementor-widget-container\">\n\t\t\t\t\t\t\t\t\t<p style=\"font-family: Montserrat, sans-serif;\">La guerre en Ukraine faisant toujours des ravages, nous avons souhait\u00e9 mener une action suppl\u00e9mentaire pour soutenir ce pays. Nous avons fait un don de 500 \u20ac au concert de charit\u00e9 \u00ab Rock for Peace \u00bb organis\u00e9 par Outcast Rock &amp; More et la municipalit\u00e9 d\u2019Eppelborn.<\/p>\n<p style=\"font-family: Montserrat, sans-serif;\">Tous les b\u00e9n\u00e9fices du concert seront revers\u00e9s aux r\u00e9fugi\u00e9s d\u2019Ukraine et nous esp\u00e9rons pouvoir redonner un peu de courage aux victimes de cette terrible trag\u00e9die.<\/p>\t\t\t\t\t\t\t\t<\/div>\n\t\t\t\t<\/div>\n\t\t\t\t\t<\/div>\n\t\t<\/div>\n\t\t\t\t<div class=\"elementor-column elementor-col-33 elementor-top-column elementor-element elementor-element-1ccb0d9d\" data-id=\"1ccb0d9d\" data-element_type=\"column\" data-e-type=\"column\">\n\t\t\t<div class=\"elementor-widget-wrap elementor-element-populated\">\n\t\t\t\t\t\t<div class=\"elementor-element elementor-element-397beae7 elementor-widget elementor-widget-image\" data-id=\"397beae7\" data-element_type=\"widget\" data-e-type=\"widget\" data-widget_type=\"image.default\">\n\t\t\t\t<div class=\"elementor-widget-container\">\n\t\t\t\t\t\t\t\t\t\t\t\t\t\t\t<img loading=\"lazy\" decoding=\"async\" width=\"313\" height=\"200\" src=\"https:\/\/www.repa-druck.de\/wp-content\/uploads\/2022\/06\/RockForPeace-1.jpg\" class=\"attachment-large size-large wp-image-1676\" alt=\"\" srcset=\"https:\/\/www.repa-druck.de\/wp-content\/uploads\/2022\/06\/RockForPeace-1.jpg 313w, https:\/\/www.repa-druck.de\/wp-content\/uploads\/2022\/06\/RockForPeace-1-300x192.jpg 300w, https:\/\/www.repa-druck.de\/wp-content\/uploads\/2022\/06\/RockForPeace-1-18x12.jpg 18w\" sizes=\"(max-width: 313px) 100vw, 313px\" \/>\t\t\t\t\t\t\t\t\t\t\t\t\t\t\t<\/div>\n\t\t\t\t<\/div>\n\t\t\t\t\t<\/div>\n\t\t<\/div>\n\t\t\t\t\t<\/div>\n\t\t<\/section>\n\t\t\t\t<\/div>\n\t\t<\/p><\/div>\n\t\t\t\t<\/div>\n\t\t\t\t\t\t\t<div class=\"elementor-accordion-item\">\n\t\t\t\t\t<div id=\"elementor-tab-title-1005\" class=\"elementor-tab-title\" data-tab=\"5\" role=\"button\" aria-controls=\"elementor-tab-content-1005\" aria-expanded=\"false\">\n\t\t\t\t\t\t\t\t\t\t\t\t\t<span class=\"elementor-accordion-icon elementor-accordion-icon-right\" aria-hidden=\"true\">\n\t\t\t\t\t\t\t\t\t\t\t\t\t\t\t<span class=\"elementor-accordion-icon-closed\"><i class=\"fas fa-plus\"><\/i><\/span>\n\t\t\t\t\t\t\t\t<span class=\"elementor-accordion-icon-opened\"><i class=\"fas fa-minus\"><\/i><\/span>\n\t\t\t\t\t\t\t\t\t\t\t\t\t\t<\/span>\n\t\t\t\t\t\t\t\t\t\t\t\t<a class=\"elementor-accordion-title\" tabindex=\"0\">Mai : Association de la protection des enfants de Sarrebruck<\/a>\n\t\t\t\t\t<\/div>\n\t\t\t\t\t<div id=\"elementor-tab-content-1005\" class=\"elementor-tab-content elementor-clearfix\" data-tab=\"5\" role=\"region\" aria-labelledby=\"elementor-tab-title-1005\"><p>\t\t<div data-elementor-type=\"section\" data-elementor-id=\"1678\" class=\"elementor elementor-1678\" data-elementor-post-type=\"elementor_library\">\n\t\t\t\t\t<section class=\"elementor-section elementor-top-section elementor-element elementor-element-22fe4a57 elementor-section-full_width elementor-section-content-middle elementor-reverse-tablet elementor-reverse-mobile elementor-section-height-default elementor-section-height-default\" data-id=\"22fe4a57\" data-element_type=\"section\" data-e-type=\"section\">\n\t\t\t\t\t\t<div class=\"elementor-container elementor-column-gap-default\">\n\t\t\t\t\t<div class=\"elementor-column elementor-col-66 elementor-top-column elementor-element elementor-element-4263e50e\" data-id=\"4263e50e\" data-element_type=\"column\" data-e-type=\"column\">\n\t\t\t<div class=\"elementor-widget-wrap elementor-element-populated\">\n\t\t\t\t\t\t<div class=\"elementor-element elementor-element-7cd47eec elementor-widget elementor-widget-text-editor\" data-id=\"7cd47eec\" data-element_type=\"widget\" data-e-type=\"widget\" data-widget_type=\"text-editor.default\">\n\t\t\t\t<div class=\"elementor-widget-container\">\n\t\t\t\t\t\t\t\t\t<p style=\"font-family: Montserrat, sans-serif;\">En mai, notre action s\u2019est port\u00e9e sur la protection des enfants. Nous avons fait de don de 500 \u20ac \u00e0 l\u2019association de la protection des enfants de Sarrebruck (DKSB). Cette association d\u00e9fend les droits des enfants en Allemagne, elle s\u2019engage \u00e0 ce que les enfants grandissent en toute s\u00e9curit\u00e9, sans violence. Elle les met \u00e9galement en garde face aux r\u00e9seaux sociaux.<\/p><p style=\"font-family: Montserrat, sans-serif;\">La DKSB caresse le doux espoir d\u2019une soci\u00e9t\u00e9 ouverte aux enfants dans laquelle ils s\u2019\u00e9panouissent pleinement. C\u2019est pourquoi les enfants prennent aux d\u00e9cisions qui les concernent.<\/p><p style=\"font-family: Montserrat, sans-serif;\">Plus d\u2019informations sur<i><br \/><\/i><span style=\"color: #d90033;\"><a style=\"color: #d90033;\" href=\"http:\/\/www.kinderschutzbund-saarbruecken.de\" target=\"_blank\" rel=\"noopener\">www.kinderschutzbund-saarbruecken.de<\/a><\/span><\/p>\t\t\t\t\t\t\t\t<\/div>\n\t\t\t\t<\/div>\n\t\t\t\t\t<\/div>\n\t\t<\/div>\n\t\t\t\t<div class=\"elementor-column elementor-col-33 elementor-top-column elementor-element elementor-element-2e2dff56\" data-id=\"2e2dff56\" data-element_type=\"column\" data-e-type=\"column\">\n\t\t\t<div class=\"elementor-widget-wrap elementor-element-populated\">\n\t\t\t\t\t\t<div class=\"elementor-element elementor-element-4e9f5e17 elementor-widget elementor-widget-image\" data-id=\"4e9f5e17\" data-element_type=\"widget\" data-e-type=\"widget\" data-widget_type=\"image.default\">\n\t\t\t\t<div class=\"elementor-widget-container\">\n\t\t\t\t\t\t\t\t\t\t\t\t\t\t\t<img loading=\"lazy\" decoding=\"async\" width=\"675\" height=\"200\" src=\"https:\/\/www.repa-druck.de\/wp-content\/uploads\/2022\/06\/Kinderschutzbund_Logo.png\" class=\"attachment-large size-large wp-image-1664\" alt=\"\" srcset=\"https:\/\/www.repa-druck.de\/wp-content\/uploads\/2022\/06\/Kinderschutzbund_Logo.png 675w, https:\/\/www.repa-druck.de\/wp-content\/uploads\/2022\/06\/Kinderschutzbund_Logo-300x89.png 300w, https:\/\/www.repa-druck.de\/wp-content\/uploads\/2022\/06\/Kinderschutzbund_Logo-18x5.png 18w\" sizes=\"(max-width: 675px) 100vw, 675px\" \/>\t\t\t\t\t\t\t\t\t\t\t\t\t\t\t<\/div>\n\t\t\t\t<\/div>\n\t\t\t\t\t<\/div>\n\t\t<\/div>\n\t\t\t\t\t<\/div>\n\t\t<\/section>\n\t\t\t\t<\/div>\n\t\t<\/p><\/div>\n\t\t\t\t<\/div>\n\t\t\t\t\t\t\t<div class=\"elementor-accordion-item\">\n\t\t\t\t\t<div id=\"elementor-tab-title-1006\" class=\"elementor-tab-title\" data-tab=\"6\" role=\"button\" aria-controls=\"elementor-tab-content-1006\" aria-expanded=\"false\">\n\t\t\t\t\t\t\t\t\t\t\t\t\t<span class=\"elementor-accordion-icon elementor-accordion-icon-right\" aria-hidden=\"true\">\n\t\t\t\t\t\t\t\t\t\t\t\t\t\t\t<span class=\"elementor-accordion-icon-closed\"><i class=\"fas fa-plus\"><\/i><\/span>\n\t\t\t\t\t\t\t\t<span class=\"elementor-accordion-icon-opened\"><i class=\"fas fa-minus\"><\/i><\/span>\n\t\t\t\t\t\t\t\t\t\t\t\t\t\t<\/span>\n\t\t\t\t\t\t\t\t\t\t\t\t<a class=\"elementor-accordion-title\" tabindex=\"0\">Juin : HVUK - Hilfeverein f\u00fcr Krebskranke e.V.<\/a>\n\t\t\t\t\t<\/div>\n\t\t\t\t\t<div id=\"elementor-tab-content-1006\" class=\"elementor-tab-content elementor-clearfix\" data-tab=\"6\" role=\"region\" aria-labelledby=\"elementor-tab-title-1006\">\t\t<div data-elementor-type=\"page\" data-elementor-id=\"2253\" class=\"elementor elementor-2253\" data-elementor-post-type=\"elementor_library\">\n\t\t\t\t\t\t<section class=\"elementor-section elementor-top-section elementor-element elementor-element-7c67b17 elementor-section-full_width elementor-section-content-middle elementor-reverse-tablet elementor-reverse-mobile elementor-section-height-default elementor-section-height-default\" data-id=\"7c67b17\" data-element_type=\"section\" data-e-type=\"section\">\n\t\t\t\t\t\t<div class=\"elementor-container elementor-column-gap-default\">\n\t\t\t\t\t<div class=\"elementor-column elementor-col-66 elementor-top-column elementor-element elementor-element-3cbba0a\" data-id=\"3cbba0a\" data-element_type=\"column\" data-e-type=\"column\">\n\t\t\t<div class=\"elementor-widget-wrap elementor-element-populated\">\n\t\t\t\t\t\t<div class=\"elementor-element elementor-element-8a6d00e elementor-widget elementor-widget-text-editor\" data-id=\"8a6d00e\" data-element_type=\"widget\" data-e-type=\"widget\" data-widget_type=\"text-editor.default\">\n\t\t\t\t<div class=\"elementor-widget-container\">\n\t\t\t\t\t\t\t\t\t<p style=\"font-family: Montserrat, sans-serif;\">En juin notre action s\u2019est port\u00e9 sur une association qui vient en aide aux malades du cancer. Un don de 500 \u20ac a \u00e9t\u00e9 vers\u00e9 \u00e0 la HVUK.<\/p><p style=\"font-family: Montserrat, sans-serif;\">Lorsqu\u2019un cancer est diagnostiqu\u00e9, nombreuses sont les personnes qui ne peuvent plus mener une vie normale. En raison du poids psychologique, elles ne sont plus en mesure de s\u2019occuper du quotidien. L\u2019association soutient les malades soit de fa\u00e7on financi\u00e8re soit r\u00e9alise les d\u00e9marches administratives et \u00e9galement d\u2019autres demandes en rapport avec la maladie.\u00a0<\/p><p style=\"font-family: Montserrat, sans-serif;\">Plus d\u2019informations concernant l\u2019association sur<br \/><span style=\"color: #d90033;\"><a style=\"color: #d90033;\" href=\"http:\/\/hvuk-krebshilfe.de\" target=\"_blank\" rel=\"noopener\">www.hvuk-krebshilfe.de<\/a><\/span><\/p>\t\t\t\t\t\t\t\t<\/div>\n\t\t\t\t<\/div>\n\t\t\t\t\t<\/div>\n\t\t<\/div>\n\t\t\t\t<div class=\"elementor-column elementor-col-33 elementor-top-column elementor-element elementor-element-1b1d02d\" data-id=\"1b1d02d\" data-element_type=\"column\" data-e-type=\"column\">\n\t\t\t<div class=\"elementor-widget-wrap elementor-element-populated\">\n\t\t\t\t\t\t<div class=\"elementor-element elementor-element-6474a5e elementor-widget elementor-widget-image\" data-id=\"6474a5e\" data-element_type=\"widget\" data-e-type=\"widget\" data-widget_type=\"image.default\">\n\t\t\t\t<div class=\"elementor-widget-container\">\n\t\t\t\t\t\t\t\t\t\t\t\t\t\t\t<img loading=\"lazy\" decoding=\"async\" width=\"400\" height=\"99\" src=\"https:\/\/www.repa-druck.de\/wp-content\/uploads\/2022\/07\/HVUK-Logo.png\" class=\"attachment-large size-large wp-image-2254\" alt=\"Logo HVUK\" srcset=\"https:\/\/www.repa-druck.de\/wp-content\/uploads\/2022\/07\/HVUK-Logo.png 400w, https:\/\/www.repa-druck.de\/wp-content\/uploads\/2022\/07\/HVUK-Logo-300x74.png 300w, https:\/\/www.repa-druck.de\/wp-content\/uploads\/2022\/07\/HVUK-Logo-18x4.png 18w\" sizes=\"(max-width: 400px) 100vw, 400px\" \/>\t\t\t\t\t\t\t\t\t\t\t\t\t\t\t<\/div>\n\t\t\t\t<\/div>\n\t\t\t\t\t<\/div>\n\t\t<\/div>\n\t\t\t\t\t<\/div>\n\t\t<\/section>\n\t\t\t\t<\/div>\n\t\t<\/div>\n\t\t\t\t<\/div>\n\t\t\t\t\t\t\t<div class=\"elementor-accordion-item\">\n\t\t\t\t\t<div id=\"elementor-tab-title-1007\" class=\"elementor-tab-title\" data-tab=\"7\" role=\"button\" aria-controls=\"elementor-tab-content-1007\" aria-expanded=\"false\">\n\t\t\t\t\t\t\t\t\t\t\t\t\t<span class=\"elementor-accordion-icon elementor-accordion-icon-right\" aria-hidden=\"true\">\n\t\t\t\t\t\t\t\t\t\t\t\t\t\t\t<span class=\"elementor-accordion-icon-closed\"><i class=\"fas fa-plus\"><\/i><\/span>\n\t\t\t\t\t\t\t\t<span class=\"elementor-accordion-icon-opened\"><i class=\"fas fa-minus\"><\/i><\/span>\n\t\t\t\t\t\t\t\t\t\t\t\t\t\t<\/span>\n\t\t\t\t\t\t\t\t\t\t\t\t<a class=\"elementor-accordion-title\" tabindex=\"0\">Juillet: KIO - Kinderhilfe Organtransplantation<\/a>\n\t\t\t\t\t<\/div>\n\t\t\t\t\t<div id=\"elementor-tab-content-1007\" class=\"elementor-tab-content elementor-clearfix\" data-tab=\"7\" role=\"region\" aria-labelledby=\"elementor-tab-title-1007\"><p>\t\t<div data-elementor-type=\"page\" data-elementor-id=\"2276\" class=\"elementor elementor-2276\" data-elementor-post-type=\"elementor_library\">\n\t\t\t\t\t\t<section class=\"elementor-section elementor-top-section elementor-element elementor-element-d89416e elementor-section-full_width elementor-section-content-middle elementor-reverse-tablet elementor-reverse-mobile elementor-section-height-default elementor-section-height-default\" data-id=\"d89416e\" data-element_type=\"section\" data-e-type=\"section\">\n\t\t\t\t\t\t<div class=\"elementor-container elementor-column-gap-default\">\n\t\t\t\t\t<div class=\"elementor-column elementor-col-66 elementor-top-column elementor-element elementor-element-821a90b\" data-id=\"821a90b\" data-element_type=\"column\" data-e-type=\"column\">\n\t\t\t<div class=\"elementor-widget-wrap elementor-element-populated\">\n\t\t\t\t\t\t<div class=\"elementor-element elementor-element-34e572b elementor-widget elementor-widget-text-editor\" data-id=\"34e572b\" data-element_type=\"widget\" data-e-type=\"widget\" data-widget_type=\"text-editor.default\">\n\t\t\t\t<div class=\"elementor-widget-container\">\n\t\t\t\t\t\t\t\t\t<p style=\"font-family: Montserrat, sans-serif;\">Pour le mois de juillet, nous avons fait un don de 500 \u20ac \u00e0 l'asociation KIO - Kinderhilfe Organtransplantation (Aide aus transplantations d'organes derstin\u00e9s aux enfants).<\/p><p style=\"font-family: Montserrat, sans-serif;\">Lorsqu'un enfant d'une famille est touch\u00e9 par une maladir grave, c'est souvent tout l'\u00e9quilibre de cette m\u00eame famille qui est menac\u00e9. Les visites et les nuit\u00e9es, prochent des h\u00f4putaix, ne sont pas prises en charge. Des frais suppl\u00e9mentaires et des pertes de revenus peuvent mettre les familles en p\u00e9ril financi\u00e8rement. KIO a mis en place un fonds d'aide d\u00e9di\u00e9 \u00e0 ces situations complexes. L'objectif \u00e9tant de soutenir ces enfants et leurs familles dsans ces situations d'urgence.<\/p><p style=\"font-family: Montserrat, sans-serif;\">Plus d'informations concernant KIO sur<br \/><span style=\"color: #d90033;\"><a style=\"color: #d90033;\" href=\"https:\/\/www.kiohilfe.de\" target=\"_blank\" rel=\"noopener\">www.kiohilfe.de<\/a><\/span><\/p>\t\t\t\t\t\t\t\t<\/div>\n\t\t\t\t<\/div>\n\t\t\t\t\t<\/div>\n\t\t<\/div>\n\t\t\t\t<div class=\"elementor-column elementor-col-33 elementor-top-column elementor-element elementor-element-01f353c\" data-id=\"01f353c\" data-element_type=\"column\" data-e-type=\"column\">\n\t\t\t<div class=\"elementor-widget-wrap elementor-element-populated\">\n\t\t\t\t\t\t<div class=\"elementor-element elementor-element-2eea040 elementor-widget elementor-widget-image\" data-id=\"2eea040\" data-element_type=\"widget\" data-e-type=\"widget\" data-widget_type=\"image.default\">\n\t\t\t\t<div class=\"elementor-widget-container\">\n\t\t\t\t\t\t\t\t\t\t\t\t\t\t\t<img loading=\"lazy\" decoding=\"async\" width=\"400\" height=\"315\" src=\"https:\/\/www.repa-druck.de\/wp-content\/uploads\/2022\/08\/Logo_KiO_klein.png\" class=\"attachment-medium_large size-medium_large wp-image-2279\" alt=\"Logo KiO Kinderhilfe Organtransplantation\" srcset=\"https:\/\/www.repa-druck.de\/wp-content\/uploads\/2022\/08\/Logo_KiO_klein.png 400w, https:\/\/www.repa-druck.de\/wp-content\/uploads\/2022\/08\/Logo_KiO_klein-300x236.png 300w, https:\/\/www.repa-druck.de\/wp-content\/uploads\/2022\/08\/Logo_KiO_klein-15x12.png 15w\" sizes=\"(max-width: 400px) 100vw, 400px\" \/>\t\t\t\t\t\t\t\t\t\t\t\t\t\t\t<\/div>\n\t\t\t\t<\/div>\n\t\t\t\t\t<\/div>\n\t\t<\/div>\n\t\t\t\t\t<\/div>\n\t\t<\/section>\n\t\t\t\t<\/div>\n\t\t<\/p><\/div>\n\t\t\t\t<\/div>\n\t\t\t\t\t\t\t<div class=\"elementor-accordion-item\">\n\t\t\t\t\t<div id=\"elementor-tab-title-1008\" class=\"elementor-tab-title\" data-tab=\"8\" role=\"button\" aria-controls=\"elementor-tab-content-1008\" aria-expanded=\"false\">\n\t\t\t\t\t\t\t\t\t\t\t\t\t<span class=\"elementor-accordion-icon elementor-accordion-icon-right\" aria-hidden=\"true\">\n\t\t\t\t\t\t\t\t\t\t\t\t\t\t\t<span class=\"elementor-accordion-icon-closed\"><i class=\"fas fa-plus\"><\/i><\/span>\n\t\t\t\t\t\t\t\t<span class=\"elementor-accordion-icon-opened\"><i class=\"fas fa-minus\"><\/i><\/span>\n\t\t\t\t\t\t\t\t\t\t\t\t\t\t<\/span>\n\t\t\t\t\t\t\t\t\t\t\t\t<a class=\"elementor-accordion-title\" tabindex=\"0\">Ao\u00fbt: L'institut germano-italien Culture et Formation<\/a>\n\t\t\t\t\t<\/div>\n\t\t\t\t\t<div id=\"elementor-tab-content-1008\" class=\"elementor-tab-content elementor-clearfix\" data-tab=\"8\" role=\"region\" aria-labelledby=\"elementor-tab-title-1008\"><p>\t\t<div data-elementor-type=\"section\" data-elementor-id=\"2303\" class=\"elementor elementor-2303\" data-elementor-post-type=\"elementor_library\">\n\t\t\t\t\t<section class=\"elementor-section elementor-top-section elementor-element elementor-element-6db1584 elementor-section-full_width elementor-section-content-middle elementor-reverse-tablet elementor-reverse-mobile elementor-section-height-default elementor-section-height-default\" data-id=\"6db1584\" data-element_type=\"section\" data-e-type=\"section\">\n\t\t\t\t\t\t<div class=\"elementor-container elementor-column-gap-default\">\n\t\t\t\t\t<div class=\"elementor-column elementor-col-66 elementor-top-column elementor-element elementor-element-1eb462d\" data-id=\"1eb462d\" data-element_type=\"column\" data-e-type=\"column\">\n\t\t\t<div class=\"elementor-widget-wrap elementor-element-populated\">\n\t\t\t\t\t\t<div class=\"elementor-element elementor-element-8da4b3c elementor-widget elementor-widget-text-editor\" data-id=\"8da4b3c\" data-element_type=\"widget\" data-e-type=\"widget\" data-widget_type=\"text-editor.default\">\n\t\t\t\t<div class=\"elementor-widget-container\">\n\t\t\t\t\t\t\t\t\t<p style=\"font-family: Montserrat, sans-serif;\">En ao\u00fbt, un don de 500 \u20ac a \u00e9t\u00e9 vers\u00e9 \u00e0 l'institut germano-italien Culture et Formation (abr\u00e9g\u00e9 DIBK).<\/p><p style=\"font-family: Montserrat, sans-serif;\">La DIBK lutte pour l'int\u00e9gration des concitoyens issus de l'immigration avec des projets tes que \"ecoles sans violence\" ou encore la lutte contre le racisseme et la discrimination. Des c\u00e9l\u00e9brit\u00e9s, telles que le pr\u00e9sentateur de Hit Parade Dieter Thomas Hech, Manfred Sexauer ou encore Werner Zimmer pr\u00e9sentateur sportif legendaire, prennent part \u00e0 ces projets et sont convainquants. Au centre des projets et des discussions : l'\u00eatre humain, peut importe son origine, sa couleur de peau ou sa position sociale.<\/p><p style=\"font-family: Montserrat, sans-serif;\">Plus d'informations concernant KIO sur<br \/><span style=\"color: #d90033;\"><a style=\"color: #d90033;\" href=\"https:\/\/www.dibk.org\" target=\"_blank\" rel=\"noopener\">www.dibk.org<\/a><\/span><\/p>\t\t\t\t\t\t\t\t<\/div>\n\t\t\t\t<\/div>\n\t\t\t\t\t<\/div>\n\t\t<\/div>\n\t\t\t\t<div class=\"elementor-column elementor-col-33 elementor-top-column elementor-element elementor-element-da8e7cb\" data-id=\"da8e7cb\" data-element_type=\"column\" data-e-type=\"column\">\n\t\t\t<div class=\"elementor-widget-wrap elementor-element-populated\">\n\t\t\t\t\t\t<div class=\"elementor-element elementor-element-2db7637 elementor-widget elementor-widget-image\" data-id=\"2db7637\" data-element_type=\"widget\" data-e-type=\"widget\" data-widget_type=\"image.default\">\n\t\t\t\t<div class=\"elementor-widget-container\">\n\t\t\t\t\t\t\t\t\t\t\t\t\t\t\t<img loading=\"lazy\" decoding=\"async\" width=\"320\" height=\"200\" src=\"https:\/\/www.repa-druck.de\/wp-content\/uploads\/2022\/09\/dibk_logo.png\" class=\"attachment-medium_large size-medium_large wp-image-2304\" alt=\"Logo DIBK\" srcset=\"https:\/\/www.repa-druck.de\/wp-content\/uploads\/2022\/09\/dibk_logo.png 320w, https:\/\/www.repa-druck.de\/wp-content\/uploads\/2022\/09\/dibk_logo-300x188.png 300w, https:\/\/www.repa-druck.de\/wp-content\/uploads\/2022\/09\/dibk_logo-18x12.png 18w\" sizes=\"(max-width: 320px) 100vw, 320px\" \/>\t\t\t\t\t\t\t\t\t\t\t\t\t\t\t<\/div>\n\t\t\t\t<\/div>\n\t\t\t\t\t<\/div>\n\t\t<\/div>\n\t\t\t\t\t<\/div>\n\t\t<\/section>\n\t\t\t\t<\/div>\n\t\t<\/p><\/div>\n\t\t\t\t<\/div>\n\t\t\t\t\t\t\t<div class=\"elementor-accordion-item\">\n\t\t\t\t\t<div id=\"elementor-tab-title-1009\" class=\"elementor-tab-title\" data-tab=\"9\" role=\"button\" aria-controls=\"elementor-tab-content-1009\" aria-expanded=\"false\">\n\t\t\t\t\t\t\t\t\t\t\t\t\t<span class=\"elementor-accordion-icon elementor-accordion-icon-right\" aria-hidden=\"true\">\n\t\t\t\t\t\t\t\t\t\t\t\t\t\t\t<span class=\"elementor-accordion-icon-closed\"><i class=\"fas fa-plus\"><\/i><\/span>\n\t\t\t\t\t\t\t\t<span class=\"elementor-accordion-icon-opened\"><i class=\"fas fa-minus\"><\/i><\/span>\n\t\t\t\t\t\t\t\t\t\t\t\t\t\t<\/span>\n\t\t\t\t\t\t\t\t\t\t\t\t<a class=\"elementor-accordion-title\" tabindex=\"0\">September: Vereint! Stiftung der PSD Bank West eG<\/a>\n\t\t\t\t\t<\/div>\n\t\t\t\t\t<div id=\"elementor-tab-content-1009\" class=\"elementor-tab-content elementor-clearfix\" data-tab=\"9\" role=\"region\" aria-labelledby=\"elementor-tab-title-1009\"><p>\t\t<div data-elementor-type=\"section\" data-elementor-id=\"2318\" class=\"elementor elementor-2318\" data-elementor-post-type=\"elementor_library\">\n\t\t\t\t\t<section class=\"elementor-section elementor-top-section elementor-element elementor-element-fb9071c elementor-section-full_width elementor-section-content-middle elementor-reverse-tablet elementor-reverse-mobile elementor-section-height-default elementor-section-height-default\" data-id=\"fb9071c\" data-element_type=\"section\" data-e-type=\"section\">\n\t\t\t\t\t\t<div class=\"elementor-container elementor-column-gap-default\">\n\t\t\t\t\t<div class=\"elementor-column elementor-col-66 elementor-top-column elementor-element elementor-element-a0f36b5\" data-id=\"a0f36b5\" data-element_type=\"column\" data-e-type=\"column\">\n\t\t\t<div class=\"elementor-widget-wrap elementor-element-populated\">\n\t\t\t\t\t\t<div class=\"elementor-element elementor-element-e5f363b elementor-widget elementor-widget-text-editor\" data-id=\"e5f363b\" data-element_type=\"widget\" data-e-type=\"widget\" data-widget_type=\"text-editor.default\">\n\t\t\t\t<div class=\"elementor-widget-container\">\n\t\t\t\t\t\t\t\t\t<p style=\"font-family: Montserrat, sans-serif;\">En septembre, la fondation \u00ab Verein \u00bb de la PSD Bank West eG a re\u00e7u un don de 500 \u20ac.<\/p><p style=\"font-family: Montserrat, sans-serif;\">L\u2019objectif de la PSD Bank West eG est de renforcer la visibilit\u00e9 de l\u2019engagement social. Le travail, souvent b\u00e9n\u00e9vole des associations ainsi que d'autres institutions d'utilit\u00e9 publique, ne re\u00e7oit que trop peu d'attention et ce, malgr\u00e9 l\u2019importance de la diversit\u00e9 dans son ensemble soit immense pour la r\u00e9gion. C\u2019est pour ces raisons que fa fondation met en avant l'engagement social. Fond\u00e9e par la PSD Bank West eG \u00e0 l'occasion de son 150e anniversaire, la banque continue de part son histoire, \u00e0 assumer ses responsabilit\u00e9s envers ces engagements sociaux et renforce ces derniers particuli\u00e8rement dans les r\u00e9gions de Cologne, Bonn et Aix la Chapelle. D\u2019o\u00f9 l\u2019importance d\u2019organiser des \u00e9v\u00e8nements avec des remises de dons.<\/p><p style=\"font-family: Montserrat, sans-serif;\">Plus d'informations concernant KIO sur<br \/><span style=\"color: #d90033;\"><a style=\"color: #d90033;\" href=\"https:\/\/www.psd-vereint.de\" target=\"_blank\" rel=\"noopener\">www.psd-vereint.de<\/a><\/span><\/p>\t\t\t\t\t\t\t\t<\/div>\n\t\t\t\t<\/div>\n\t\t\t\t\t<\/div>\n\t\t<\/div>\n\t\t\t\t<div class=\"elementor-column elementor-col-33 elementor-top-column elementor-element elementor-element-cde6928\" data-id=\"cde6928\" data-element_type=\"column\" data-e-type=\"column\">\n\t\t\t<div class=\"elementor-widget-wrap elementor-element-populated\">\n\t\t\t\t\t\t<div class=\"elementor-element elementor-element-2cb9c1d elementor-widget elementor-widget-image\" data-id=\"2cb9c1d\" data-element_type=\"widget\" data-e-type=\"widget\" data-widget_type=\"image.default\">\n\t\t\t\t<div class=\"elementor-widget-container\">\n\t\t\t\t\t\t\t\t\t\t\t\t\t\t\t<img loading=\"lazy\" decoding=\"async\" width=\"300\" height=\"191\" src=\"https:\/\/www.repa-druck.de\/wp-content\/uploads\/2022\/09\/Vereint_Logo.png\" class=\"attachment-medium_large size-medium_large wp-image-2319\" alt=\"Logo Stiftung Vereint!\" srcset=\"https:\/\/www.repa-druck.de\/wp-content\/uploads\/2022\/09\/Vereint_Logo.png 300w, https:\/\/www.repa-druck.de\/wp-content\/uploads\/2022\/09\/Vereint_Logo-18x12.png 18w\" sizes=\"(max-width: 300px) 100vw, 300px\" \/>\t\t\t\t\t\t\t\t\t\t\t\t\t\t\t<\/div>\n\t\t\t\t<\/div>\n\t\t\t\t\t<\/div>\n\t\t<\/div>\n\t\t\t\t\t<\/div>\n\t\t<\/section>\n\t\t\t\t<\/div>\n\t\t<\/p><\/div>\n\t\t\t\t<\/div>\n\t\t\t\t\t\t\t<div class=\"elementor-accordion-item\">\n\t\t\t\t\t<div id=\"elementor-tab-title-10010\" class=\"elementor-tab-title\" data-tab=\"10\" role=\"button\" aria-controls=\"elementor-tab-content-10010\" aria-expanded=\"false\">\n\t\t\t\t\t\t\t\t\t\t\t\t\t<span class=\"elementor-accordion-icon elementor-accordion-icon-right\" aria-hidden=\"true\">\n\t\t\t\t\t\t\t\t\t\t\t\t\t\t\t<span class=\"elementor-accordion-icon-closed\"><i class=\"fas fa-plus\"><\/i><\/span>\n\t\t\t\t\t\t\t\t<span class=\"elementor-accordion-icon-opened\"><i class=\"fas fa-minus\"><\/i><\/span>\n\t\t\t\t\t\t\t\t\t\t\t\t\t\t<\/span>\n\t\t\t\t\t\t\t\t\t\t\t\t<a class=\"elementor-accordion-title\" tabindex=\"0\">Octobre: Fondation Kroschke<\/a>\n\t\t\t\t\t<\/div>\n\t\t\t\t\t<div id=\"elementor-tab-content-10010\" class=\"elementor-tab-content elementor-clearfix\" data-tab=\"10\" role=\"region\" aria-labelledby=\"elementor-tab-title-10010\"><p>\t\t<div data-elementor-type=\"section\" data-elementor-id=\"2339\" class=\"elementor elementor-2339\" data-elementor-post-type=\"elementor_library\">\n\t\t\t\t\t<section class=\"elementor-section elementor-top-section elementor-element elementor-element-aad58f4 elementor-section-full_width elementor-section-content-middle elementor-reverse-tablet elementor-reverse-mobile elementor-section-height-default elementor-section-height-default\" data-id=\"aad58f4\" data-element_type=\"section\" data-e-type=\"section\">\n\t\t\t\t\t\t<div class=\"elementor-container elementor-column-gap-default\">\n\t\t\t\t\t<div class=\"elementor-column elementor-col-66 elementor-top-column elementor-element elementor-element-9fd5986\" data-id=\"9fd5986\" data-element_type=\"column\" data-e-type=\"column\">\n\t\t\t<div class=\"elementor-widget-wrap elementor-element-populated\">\n\t\t\t\t\t\t<div class=\"elementor-element elementor-element-5990bfc elementor-widget elementor-widget-text-editor\" data-id=\"5990bfc\" data-element_type=\"widget\" data-e-type=\"widget\" data-widget_type=\"text-editor.default\">\n\t\t\t\t<div class=\"elementor-widget-container\">\n\t\t\t\t\t\t\t\t\t<p>La fondation Kroschke est engag\u00e9e depuis pr\u00e8s de 30 ans aupr\u00e8s des enfants et des adolescents atteints de maladie chronique ou handicap\u00e9s. Les principaux objectifs de la fondation sont d\u2019am\u00e9liorer l\u2019int\u00e9gration des ces jeunes \u00e0 la vie et le d\u00e9veloppement de leurs capacit\u00e9s par des aides cibl\u00e9es comme la musicoth\u00e9rapie par exemple.<\/p><p>L\u2019accent est \u00e9galement mis sur la protection de l\u2019enfance. La fondation Kroschke va renforcer son travail scientifique concernant la protection de l\u2019enfance gr\u00e2ce \u00e0 son prix en recherche scientifique de m\u00e9decine DGKiM.<\/p><p>Plus d'informations concernant KIO sur<br \/><a style=\"color: #d90033;\" href=\"https:\/\/www.kinderstiftung.de\" target=\"_blank\" rel=\"noopener\">www.kinderstiftung.de<\/a><\/p>\t\t\t\t\t\t\t\t<\/div>\n\t\t\t\t<\/div>\n\t\t\t\t\t<\/div>\n\t\t<\/div>\n\t\t\t\t<div class=\"elementor-column elementor-col-33 elementor-top-column elementor-element elementor-element-cce926b\" data-id=\"cce926b\" data-element_type=\"column\" data-e-type=\"column\">\n\t\t\t<div class=\"elementor-widget-wrap elementor-element-populated\">\n\t\t\t\t\t\t<div class=\"elementor-element elementor-element-0daba0f elementor-widget elementor-widget-image\" data-id=\"0daba0f\" data-element_type=\"widget\" data-e-type=\"widget\" data-widget_type=\"image.default\">\n\t\t\t\t<div class=\"elementor-widget-container\">\n\t\t\t\t\t\t\t\t\t\t\t\t\t\t\t<img loading=\"lazy\" decoding=\"async\" width=\"768\" height=\"250\" src=\"https:\/\/www.repa-druck.de\/wp-content\/uploads\/2022\/11\/Logo_Kroschke_Kinderstiftung-768x250.jpg\" class=\"attachment-medium_large size-medium_large wp-image-2342\" alt=\"Logo der Droschke Kinderstiftung\" srcset=\"https:\/\/www.repa-druck.de\/wp-content\/uploads\/2022\/11\/Logo_Kroschke_Kinderstiftung-768x250.jpg 768w, https:\/\/www.repa-druck.de\/wp-content\/uploads\/2022\/11\/Logo_Kroschke_Kinderstiftung-300x98.jpg 300w, https:\/\/www.repa-druck.de\/wp-content\/uploads\/2022\/11\/Logo_Kroschke_Kinderstiftung-1024x333.jpg 1024w, https:\/\/www.repa-druck.de\/wp-content\/uploads\/2022\/11\/Logo_Kroschke_Kinderstiftung-1536x499.jpg 1536w, https:\/\/www.repa-druck.de\/wp-content\/uploads\/2022\/11\/Logo_Kroschke_Kinderstiftung-2048x666.jpg 2048w, https:\/\/www.repa-druck.de\/wp-content\/uploads\/2022\/11\/Logo_Kroschke_Kinderstiftung-18x6.jpg 18w\" sizes=\"(max-width: 768px) 100vw, 768px\" \/>\t\t\t\t\t\t\t\t\t\t\t\t\t\t\t<\/div>\n\t\t\t\t<\/div>\n\t\t\t\t\t<\/div>\n\t\t<\/div>\n\t\t\t\t\t<\/div>\n\t\t<\/section>\n\t\t\t\t<\/div>\n\t\t<\/p><\/div>\n\t\t\t\t<\/div>\n\t\t\t\t\t\t\t<div class=\"elementor-accordion-item\">\n\t\t\t\t\t<div id=\"elementor-tab-title-10011\" class=\"elementor-tab-title\" data-tab=\"11\" role=\"button\" aria-controls=\"elementor-tab-content-10011\" aria-expanded=\"false\">\n\t\t\t\t\t\t\t\t\t\t\t\t\t<span class=\"elementor-accordion-icon elementor-accordion-icon-right\" aria-hidden=\"true\">\n\t\t\t\t\t\t\t\t\t\t\t\t\t\t\t<span class=\"elementor-accordion-icon-closed\"><i class=\"fas fa-plus\"><\/i><\/span>\n\t\t\t\t\t\t\t\t<span class=\"elementor-accordion-icon-opened\"><i class=\"fas fa-minus\"><\/i><\/span>\n\t\t\t\t\t\t\t\t\t\t\t\t\t\t<\/span>\n\t\t\t\t\t\t\t\t\t\t\t\t<a class=\"elementor-accordion-title\" tabindex=\"0\">November: Blieskasteler Schutzengel f\u00fcr Kinder e.V.<\/a>\n\t\t\t\t\t<\/div>\n\t\t\t\t\t<div id=\"elementor-tab-content-10011\" class=\"elementor-tab-content elementor-clearfix\" data-tab=\"11\" role=\"region\" aria-labelledby=\"elementor-tab-title-10011\"><p>\t\t<div data-elementor-type=\"section\" data-elementor-id=\"2360\" class=\"elementor elementor-2360\" data-elementor-post-type=\"elementor_library\">\n\t\t\t\t\t<section class=\"elementor-section elementor-top-section elementor-element elementor-element-7cb53383 elementor-section-full_width elementor-section-content-middle elementor-reverse-tablet elementor-reverse-mobile elementor-section-height-default elementor-section-height-default\" data-id=\"7cb53383\" data-element_type=\"section\" data-e-type=\"section\">\n\t\t\t\t\t\t<div class=\"elementor-container elementor-column-gap-default\">\n\t\t\t\t\t<div class=\"elementor-column elementor-col-66 elementor-top-column elementor-element elementor-element-2af062e\" data-id=\"2af062e\" data-element_type=\"column\" data-e-type=\"column\">\n\t\t\t<div class=\"elementor-widget-wrap elementor-element-populated\">\n\t\t\t\t\t\t<div class=\"elementor-element elementor-element-2b671ae3 elementor-widget elementor-widget-text-editor\" data-id=\"2b671ae3\" data-element_type=\"widget\" data-e-type=\"widget\" data-widget_type=\"text-editor.default\">\n\t\t\t\t<div class=\"elementor-widget-container\">\n\t\t\t\t\t\t\t\t\t<p style=\"font-family: Montserrat, sans-serif;\">En novembre, nous avons fait un don de 500 \u20ac \u00e0 l\u2019association Blieskasteler Schutzengel f\u00fcr Kinder e.V. par le biais du Centre Equestre d\u2019Omersheim qui m\u00e8ne des actions \u00e0 but non lucratif en cette p\u00e9riode de l\u2019Avent.\u00a0<\/p><p style=\"font-family: Montserrat, sans-serif;\">Der Blieskasteler Schutzengel f\u00fcr Kinder e.V. hat sich dem Zweck verschrieben, Kindern und Jugendlichen, die an schweren und lebensbedrohenden Erkrankungen leiden sowie deren Familien bei der Bew\u00e4ltigung daraus resultierender Probleme durch finanzielle Unterst\u00fctzung zu helfen.<\/p><p>Mehr Infos gibt es unter<br \/><a href=\"http:\/\/www.blieskasteler-schutzengel.de\" target=\"_blank\" rel=\"noopener\">www.blieskasteler-schutzengel.de<\/a><\/p>\t\t\t\t\t\t\t\t<\/div>\n\t\t\t\t<\/div>\n\t\t\t\t\t<\/div>\n\t\t<\/div>\n\t\t\t\t<div class=\"elementor-column elementor-col-33 elementor-top-column elementor-element elementor-element-7a5f3794\" data-id=\"7a5f3794\" data-element_type=\"column\" data-e-type=\"column\">\n\t\t\t<div class=\"elementor-widget-wrap elementor-element-populated\">\n\t\t\t\t\t\t<div class=\"elementor-element elementor-element-5df97f82 elementor-widget elementor-widget-image\" data-id=\"5df97f82\" data-element_type=\"widget\" data-e-type=\"widget\" data-widget_type=\"image.default\">\n\t\t\t\t<div class=\"elementor-widget-container\">\n\t\t\t\t\t\t\t\t\t\t\t\t\t\t\t<img loading=\"lazy\" decoding=\"async\" width=\"560\" height=\"566\" src=\"https:\/\/www.repa-druck.de\/wp-content\/uploads\/2022\/12\/Logo-1.jpg\" class=\"attachment-large size-large wp-image-2364\" alt=\"Logo Blieskasteler Schutzengel\" srcset=\"https:\/\/www.repa-druck.de\/wp-content\/uploads\/2022\/12\/Logo-1.jpg 560w, https:\/\/www.repa-druck.de\/wp-content\/uploads\/2022\/12\/Logo-1-297x300.jpg 297w, https:\/\/www.repa-druck.de\/wp-content\/uploads\/2022\/12\/Logo-1-12x12.jpg 12w\" sizes=\"(max-width: 560px) 100vw, 560px\" \/>\t\t\t\t\t\t\t\t\t\t\t\t\t\t\t<\/div>\n\t\t\t\t<\/div>\n\t\t\t\t\t<\/div>\n\t\t<\/div>\n\t\t\t\t\t<\/div>\n\t\t<\/section>\n\t\t\t\t<\/div>\n\t\t<\/p><\/div>\n\t\t\t\t<\/div>\n\t\t\t\t\t\t\t<div class=\"elementor-accordion-item\">\n\t\t\t\t\t<div id=\"elementor-tab-title-10012\" class=\"elementor-tab-title\" data-tab=\"12\" role=\"button\" aria-controls=\"elementor-tab-content-10012\" aria-expanded=\"false\">\n\t\t\t\t\t\t\t\t\t\t\t\t\t<span class=\"elementor-accordion-icon elementor-accordion-icon-right\" aria-hidden=\"true\">\n\t\t\t\t\t\t\t\t\t\t\t\t\t\t\t<span class=\"elementor-accordion-icon-closed\"><i class=\"fas fa-plus\"><\/i><\/span>\n\t\t\t\t\t\t\t\t<span class=\"elementor-accordion-icon-opened\"><i class=\"fas fa-minus\"><\/i><\/span>\n\t\t\t\t\t\t\t\t\t\t\t\t\t\t<\/span>\n\t\t\t\t\t\t\t\t\t\t\t\t<a class=\"elementor-accordion-title\" tabindex=\"0\">Dezember: Wunschbaumaktion des Kinderschutzbund Saarbr\u00fccken<\/a>\n\t\t\t\t\t<\/div>\n\t\t\t\t\t<div id=\"elementor-tab-content-10012\" class=\"elementor-tab-content elementor-clearfix\" data-tab=\"12\" role=\"region\" aria-labelledby=\"elementor-tab-title-10012\"><p>\t\t<div data-elementor-type=\"section\" data-elementor-id=\"2369\" class=\"elementor elementor-2369\" data-elementor-post-type=\"elementor_library\">\n\t\t\t\t\t<section class=\"elementor-section elementor-top-section elementor-element elementor-element-8b60e56 elementor-section-full_width elementor-section-content-middle elementor-reverse-tablet elementor-reverse-mobile elementor-section-height-default elementor-section-height-default\" data-id=\"8b60e56\" data-element_type=\"section\" data-e-type=\"section\">\n\t\t\t\t\t\t<div class=\"elementor-container elementor-column-gap-default\">\n\t\t\t\t\t<div class=\"elementor-column elementor-col-66 elementor-top-column elementor-element elementor-element-29a30523\" data-id=\"29a30523\" data-element_type=\"column\" data-e-type=\"column\">\n\t\t\t<div class=\"elementor-widget-wrap elementor-element-populated\">\n\t\t\t\t\t\t<div class=\"elementor-element elementor-element-4cc01bba elementor-widget elementor-widget-text-editor\" data-id=\"4cc01bba\" data-element_type=\"widget\" data-e-type=\"widget\" data-widget_type=\"text-editor.default\">\n\t\t\t\t<div class=\"elementor-widget-container\">\n\t\t\t\t\t\t\t\t\t<p>En cette p\u00e9riode de No\u00ebl et pour la derni\u00e8re action de notre 50\u00e8 anniversaire, 500 \u20ac ont \u00e9t\u00e9 vers\u00e9 \u00e0 l\u2019association Kinderschutzbund Ortsverband Saarbr\u00fccken. Ce don sera consacr\u00e9 \u00e0 r\u00e9aliser les souhaits des enfants par le biais de l\u2019action \u00ab Arbre \u00e0 Souhaits \u00bb<\/p><p style=\"font-family: Montserrat, sans-serif;\">Il est tr\u00e8s fr\u00e9quent, en cette p\u00e9riode de trouver ces diff\u00e9rents \u00ab Arbres \u00e0 Souhaits \u00bb. Les souhaits des enfants sont accroch\u00e9s au Sapin de No\u00ebl et gr\u00e2ce aux diff\u00e9rents dons les v\u0153ux des enfants sont r\u00e9alis\u00e9s.<\/p><p>Mehr Infos gibt es unter<br \/><a href=\"https:\/\/kinderschutzbund-saarbruecken.de\/aktionen\/wunschbaumaktion21\/\" target=\"_blank\" rel=\"noopener\">www.kinderschutzbund-saarbruecken.de<\/a><\/p>\t\t\t\t\t\t\t\t<\/div>\n\t\t\t\t<\/div>\n\t\t\t\t\t<\/div>\n\t\t<\/div>\n\t\t\t\t<div class=\"elementor-column elementor-col-33 elementor-top-column elementor-element elementor-element-5d79aee8\" data-id=\"5d79aee8\" data-element_type=\"column\" data-e-type=\"column\">\n\t\t\t<div class=\"elementor-widget-wrap elementor-element-populated\">\n\t\t\t\t\t\t<div class=\"elementor-element elementor-element-2e3b406d elementor-widget elementor-widget-image\" data-id=\"2e3b406d\" data-element_type=\"widget\" data-e-type=\"widget\" data-widget_type=\"image.default\">\n\t\t\t\t<div class=\"elementor-widget-container\">\n\t\t\t\t\t\t\t\t\t\t\t\t\t\t\t<img loading=\"lazy\" decoding=\"async\" width=\"300\" height=\"273\" src=\"https:\/\/www.repa-druck.de\/wp-content\/uploads\/2022\/12\/Wunschbaumaktion-Web.jpg\" class=\"attachment-large size-large wp-image-2371\" alt=\"Bild Wunschbaumaktion\" srcset=\"https:\/\/www.repa-druck.de\/wp-content\/uploads\/2022\/12\/Wunschbaumaktion-Web.jpg 300w, https:\/\/www.repa-druck.de\/wp-content\/uploads\/2022\/12\/Wunschbaumaktion-Web-13x12.jpg 13w\" sizes=\"(max-width: 300px) 100vw, 300px\" \/>\t\t\t\t\t\t\t\t\t\t\t\t\t\t\t<\/div>\n\t\t\t\t<\/div>\n\t\t\t\t\t<\/div>\n\t\t<\/div>\n\t\t\t\t\t<\/div>\n\t\t<\/section>\n\t\t\t\t<\/div>\n\t\t<\/p><\/div>\n\t\t\t\t<\/div>\n\t\t\t\t\t\t\t\t<\/div>\n\t\t\t\t\t\t<\/div>\n\t\t\t\t<\/div>\n\t\t\t\t\t<\/div>\n\t\t<\/div>\n\t\t\t\t\t<\/div>\n\t\t<\/section>\n\t\t\t\t<\/div>","protected":false},"excerpt":{"rendered":"<p>Wir feiern 50 Jahre Repa Druck Gro\u00dfe Spendenaktion zum 50. Geburtstag Im Jahr 1972 wurde Repa Druck durch Firmengr\u00fcnder Willi Braun ins Leben gerufen. 5 Jahrzehnte sp\u00e4ter sind wir immer noch da und st\u00e4rker denn je. Mit \u00fcber 50 Mitarbeitern und einem modernen und stetig wachsenden Maschinenpark mischen wir auch 2022 noch kr\u00e4ftig im Offset-Gesch\u00e4ft [&hellip;]<\/p>\n","protected":false},"author":2,"featured_media":0,"parent":0,"menu_order":0,"comment_status":"closed","ping_status":"closed","template":"","meta":{"footnotes":""},"class_list":["post-1246","page","type-page","status-publish","hentry"],"_links":{"self":[{"href":"https:\/\/www.repa-druck.de\/fr\/wp-json\/wp\/v2\/pages\/1246","targetHints":{"allow":["GET"]}}],"collection":[{"href":"https:\/\/www.repa-druck.de\/fr\/wp-json\/wp\/v2\/pages"}],"about":[{"href":"https:\/\/www.repa-druck.de\/fr\/wp-json\/wp\/v2\/types\/page"}],"author":[{"embeddable":true,"href":"https:\/\/www.repa-druck.de\/fr\/wp-json\/wp\/v2\/users\/2"}],"replies":[{"embeddable":true,"href":"https:\/\/www.repa-druck.de\/fr\/wp-json\/wp\/v2\/comments?post=1246"}],"version-history":[{"count":6,"href":"https:\/\/www.repa-druck.de\/fr\/wp-json\/wp\/v2\/pages\/1246\/revisions"}],"predecessor-version":[{"id":2376,"href":"https:\/\/www.repa-druck.de\/fr\/wp-json\/wp\/v2\/pages\/1246\/revisions\/2376"}],"wp:attachment":[{"href":"https:\/\/www.repa-druck.de\/fr\/wp-json\/wp\/v2\/media?parent=1246"}],"curies":[{"name":"wp","href":"https:\/\/api.w.org\/{rel}","templated":true}]}}